{"id":44,"date":"2013-07-02T22:13:43","date_gmt":"2013-07-02T20:13:43","guid":{"rendered":"http:\/\/ttcspringe.de\/?page_id=44"},"modified":"2015-08-06T09:56:10","modified_gmt":"2015-08-06T07:56:10","slug":"1966-1987","status":"publish","type":"page","link":"https:\/\/ttcspringe.de\/?page_id=44","title":{"rendered":"1966 &#8211; 1987"},"content":{"rendered":"<p style=\"text-align: justify;\">Spieljahr 1967 \u2013 71<\/p>\n<p align=\"justify\"><span style=\"font-family: Verdana,Tahoma,Arial,Helvetica,Sans-serif;\">Wenn in einem Verein keine spektakul\u00e4ren Ereignisse ins Auge springen, so mu\u00df das nicht immer von Passivit\u00e4t zeugen. Man sollte nicht im Verlauf der Jahre laufend Steigerungen und Schlagzeilen erwarten. Grund zum Feiern gab es f\u00fcr den Verein allemal; die Aktivit\u00e4ten zum 20-j\u00e4hrigen Bestehen war wieder ein geselliger H\u00f6hepunkt des Vereins. Auch die Reiselust der Vereinsmitglieder war in dieser Zeit ungebrochen, neben dem Austausch mit den franz\u00f6sischen Freunden, entwickelte sich auch ein Austausch mit Spielern von Slavia Prag. Im Rahmen dieses Austausches weilte nicht nur der begehrte Trainer und Spieler Jaroslav Kunz, sondern auch die j\u00fcngste Europameisterin aller Zeiten Ilona Vostava in Springe. 1968 gab es wieder einen Grund zur Freude; die 1. Herren wurde Meister der 1. Verbandsklasse, konnte allerdings ein weiteres Mal die Aufstiegsspiele in Bassum nicht erfolgreich bestehen. <a href=\"https:\/\/ttcspringe.de\/wp-content\/uploads\/2013\/07\/HERREN64.gif\"><img loading=\"lazy\" decoding=\"async\" class=\"alignnone size-full wp-image-30\" alt=\"HERREN64\" src=\"https:\/\/ttcspringe.de\/wp-content\/uploads\/2013\/07\/HERREN64.gif\" width=\"283\" height=\"197\" \/><\/a>Ebenfalls Meister wurde die 2. Herren in der Bezirksliga und somit Aufsteiger in die 2. Verbandsklasse. Bei den Kreismeisterschaften gingen s\u00e4mtliche Titel an den TTC; Bodo Haake wurde zum 10. Male in Folge Kreismeister im Einzel und au\u00dferdem Vize-Bezirksmeister. Die erfolgreiche Jugendarbeit begann sich auszuzahlen. Die 1. Jugend mit Wodsack, Lehky, Mieth, Werner und Holtfoth wurde Bezirksmeister und nahm an den Landesmeisterschaften teil. Man hatte zwar keinen sportlichen Erfolg, aber unter der Leitung des 1. Vorsitzenden Gerhard Thon und des Jugendwarts Gerhard Jay verlebte man ein herrliches Wochenende. \u00dcberschattet wurde das Jahr 1970 von einem Eklat, der das Gef\u00fcge des Vereins zutiefst ersch\u00fctterte. In der Folge der gegenseitigen Vorw\u00fcrfe zwischen den Vorstand und Spielern der 1. Mannschaft traten viele der langj\u00e4hrigen Mitarbeiter von ihrem Posten zur\u00fcck. Neue M\u00e4nner mussten gefunden werden, die das Vereinsschiff in ruhige Bahnen lenken sollten. Unber\u00fchrt vom dem Hickhack spielte die 1. Jugendmannschaft mit Hahn, Viktorin, Dangers und Seyffert alle Gegner im Bezirk Hannover \u201ean die Wand und wurde dritter bei den Landesmeisterschaften. <\/span><\/p>\n<p align=\"justify\"><span style=\"font-family: Verdana,Tahoma,Arial,Helvetica,Sans-serif;\">Spieljahr 1971\/72<\/span><\/p>\n<p align=\"justify\"><span style=\"font-family: Verdana,Tahoma,Arial,Helvetica,Sans-serif;\">Eineinhalb Jahre war nun der neue Vorstand mit Karl Schaper an der Spitze im Amt; die Bew\u00e4ltigung der notwendigen Aufgaben war h\u00e4ufig von der mangelnden Bereitschaft zur Mitarbeit blockiert. Auch sportlich lief es bei der 1. Herren nicht so gut, bedingt durch den Einbau der talentierten Jugendspieler Wolfgang Hahn und Achim M\u00fcller, aber vor allem durch eine verletzungsbedingte Zwangspause des Spitzenspielers Bodo Haake wurde nur ein 5. Tabellenplatz erreicht. Durch den Einbau neuer Spieler gelang der 2. Herren der Wiederaufstieg in die 2. Verbandsliga. Nur knapp verfehlte die 3. Herren die Meisterschaft der 2. Bezirksliga. Die \u201eOldtimer der 4. Herren mussten erkennen, dass in dieser Staffel ohne Training, bedingt durch berufliche Beanspruchung, nichts zu holen ist, und wurden bei nur einem gewonnenen Spiel Tabellenletzter.<\/span><\/p>\n<p align=\"justify\"><span style=\"font-family: Verdana,Tahoma,Arial,Helvetica,Sans-serif;\">Im Mittelpunkt des Fr\u00fchjahrs 1972 standen die Feierlichkeiten im Rahmen des 25-j\u00e4hrigen Bestehens des Vereins. Freundschaftsspiele und vor allem ein Schaukampf der Tischtennis-Nationalmannschaft bildeten den sportlichen Rahmen sowie ein Festball auf der Deisterpforte war wieder ein gesellschaftlicher H\u00f6hepunkt.<\/span><\/p>\n<p align=\"justify\"><span style=\"font-family: Verdana,Tahoma,Arial,Helvetica,Sans-serif;\">Die Mannschaften im Jubil\u00e4umsjahr<\/span><\/p>\n<table id=\"Tabelle5\" border=\"2\" cellspacing=\"1\" cellpadding=\"1\">\n<tbody>\n<tr>\n<td align=\"left\" valign=\"top\" width=\"68\">1.Herren<\/td>\n<td align=\"left\" valign=\"top\" width=\"101\">Verbandsliga<\/td>\n<td align=\"left\" valign=\"top\" width=\"61\">5. Platz<\/td>\n<td align=\"left\" valign=\"top\" width=\"316\">Bodo Haake, Walter Eisner, Heinz-J\u00fcrgen Reiter, Achim M\u00fcller, Eckhard H\u00e4der, Wolfgang Hahn<\/td>\n<\/tr>\n<tr>\n<td align=\"left\" valign=\"top\">2.Herren<\/td>\n<td align=\"left\" valign=\"top\">1. Bezirksliga<\/td>\n<td align=\"left\" valign=\"top\">1. Platz<\/td>\n<td align=\"left\" valign=\"top\">Manfred Fichte, G\u00fcnter Viktorin, Hans-J\u00fcrgen Block, Heinz Eickerling, Gerhard Jay, Manfred Sommer<\/td>\n<\/tr>\n<tr>\n<td align=\"left\" valign=\"top\">3.Herren<\/td>\n<td align=\"left\" valign=\"top\">2. Bezirksliga<\/td>\n<td align=\"left\" valign=\"top\">3. Platz<\/td>\n<td align=\"left\" valign=\"top\">Theo Lehky, Wilfried Liebhold, Gerhard Preick, Claus Holtfoth, Wolfgang Pirius, G\u00fcnther Hoffmann<\/td>\n<\/tr>\n<tr>\n<td align=\"left\" valign=\"top\">4.Herren<\/td>\n<td align=\"left\" valign=\"top\">2. Bezirksliga<\/td>\n<td align=\"left\" valign=\"top\">Letzter Platz<\/td>\n<td align=\"left\" valign=\"top\">Dieter Krebs, Klaus Smollich, Gerhard Seide, Karl Schaper, Helmut Marock, Dieter Arkona, Dr. Karl B\u00fcnnig<\/td>\n<\/tr>\n<tr>\n<td align=\"left\" valign=\"top\">5.Herren<\/td>\n<td align=\"left\" valign=\"top\">2. Kreisliga<\/td>\n<td align=\"left\" valign=\"top\">5. Platz<\/td>\n<td align=\"left\" valign=\"top\">Hans-J\u00fcrgen Mieth, Gerhard Spier, Dieter Dohmann, Wolfgang Pfeiffer, Erich Lepenies, Friedrich M\u00f6nkemeyer, Detlef Straube<\/td>\n<\/tr>\n<tr>\n<td align=\"left\" valign=\"top\">1.Damen<\/td>\n<td align=\"left\" valign=\"top\">Verbandsliga<\/td>\n<td align=\"left\" valign=\"top\">Letzter Platz<\/td>\n<td align=\"left\" valign=\"top\">Brigitte Pristoph, Hildegard Maisenh\u00e4lder, Christel Haake, Marie-Luise Marock<\/td>\n<\/tr>\n<tr>\n<td align=\"left\" valign=\"top\">2. Damen<\/td>\n<td align=\"left\" valign=\"top\">Verbandsklasse<\/td>\n<td align=\"left\" valign=\"top\">Letzter Platz<\/td>\n<td align=\"left\" valign=\"top\">Christel Jay, Jutta Fuers, Rosemarie Fromm, Christa Siebert<\/td>\n<\/tr>\n<tr>\n<td align=\"left\" valign=\"top\">1. Jugend<\/td>\n<td align=\"left\" valign=\"top\">Bezirks- sonderklasse<\/td>\n<td align=\"left\" valign=\"top\">Meister<\/td>\n<td align=\"left\" valign=\"top\">Kay Seyffert, Horst Dangers, Donald B\u00f6ttcher, Reinhard Splettst\u00f6\u00dfer<\/td>\n<\/tr>\n<tr>\n<td align=\"left\" valign=\"top\">2. Jugend<\/td>\n<td align=\"left\" valign=\"top\">Kreisliga<\/td>\n<td align=\"left\" valign=\"top\">2. Platz<\/td>\n<td align=\"left\" valign=\"top\">Werner Overbeck, Hartmut Horn, Herbert Horn, Harald Sch\u00e4fer<\/td>\n<\/tr>\n<tr>\n<td align=\"left\" valign=\"top\">3. Jugend<\/td>\n<td align=\"left\" valign=\"top\">Kreisliga<\/td>\n<td align=\"left\" valign=\"top\">Letzter Platz<\/td>\n<td align=\"left\" valign=\"top\">Uwe Loreit, Ulrich Nozinski, Klaus Nozinski, Frank Altmann<\/td>\n<\/tr>\n<tr>\n<td align=\"left\" valign=\"top\">M\u00e4dchen<\/td>\n<td align=\"left\" valign=\"top\">Kreisliga<\/td>\n<td align=\"left\" valign=\"top\">8. Platz<\/td>\n<td align=\"left\" valign=\"top\">Petra Brodr\u00fcck, Heike Fritsch, Sabine R\u00fcckert, Cornelia Bed\u00fcrftig, Gudrun Gleiche, Susanne Thies<\/td>\n<\/tr>\n<\/tbody>\n<\/table>\n<p align=\"justify\"><span style=\"font-family: Verdana,Tahoma,Arial,Helvetica,Sans-serif;\">Spieljahr 1972\/73<\/span><\/p>\n<p align=\"justify\"><span style=\"font-family: Verdana,Tahoma,Arial,Helvetica,Sans-serif;\">M\u00f6glicherweise war das die st\u00e4rkste Mannschaft, die in der Geschichte des Vereins gespielt hat. Bodo Haake, Walter Eisner, Rainer Jansen, Wolfgang Hahn, Kai Seyffert, H.-J\u00fcrgen Reiter lautete die Besetzung, in der nur denkbar knapp die Meisterschaft der 1. Verbandsliga verpasst wurde. Der zweite Platz hinter VfL Hameln reichte nicht zum Aufstieg. Als am Ende der Saison Bodo Haake zum VfL Hameln und Kay Seyffert zum SV Ahlem wechselten bedeutete das f\u00fcr die n\u00e4chsten Jahre eine erhebliche Schw\u00e4chung. Die \u00fcbrigen Mannschaften des Vereins belegten in ihren Klassen durchweg Mittelpl\u00e4tze. Ver\u00e4nderungen gab es auch im Vorstand: Erstmals wurden die Vorstandswahlen f\u00fcr je 2 Jahre vorgenommen und Gerhard Jay kehrte nach 3-j\u00e4hriger Abwesenheit in das Amt des Jugendwartes zur\u00fcck. Ein Sportausschuss mit Walter Eisner, Gerhard Jay, Hans-J\u00fcrgen Block, Klaus Smollich und Marie-Luise Marock wurde gebildet. Er sollte dem sportlichen Geschehen neue Impulse geben.<\/span><\/p>\n<p align=\"justify\"><span style=\"font-family: Verdana,Tahoma,Arial,Helvetica,Sans-serif;\">Spieljahr 1973\/74<\/span><\/p>\n<p align=\"justify\"><span style=\"font-family: Verdana,Tahoma,Arial,Helvetica,Sans-serif;\">Dieses Jahr hatte eine wichtige Bedeutung, weniger vereins-intern als darin, dass es das letzte Spieljahr des alten Sportkreises Springe war. Aus der doch mehr \u201efamili\u00e4ren Atmosph\u00e4re des Kreises gab es viele Verbindungen der Clubs auf Kreisliga-Ebene. Die letzten Einzeltitel bei den Kreismeister-schaften des Kreises Springe holten sich Wolfgang Hahn bei den Herren und Gerhard Jay bei den Senioren. Sie sind quasi noch heute \u201eamtierende Kreismeister, sicherlich auch eine kleine Rarit\u00e4t. Einen sch\u00f6nen Erfolg gab es f\u00fcr Horst Dangers: Er wurde Bezirksmeister der Junioren. Zum 10. Male traf man sich mit den Freunden aus Rouen, Anlass genug vom B\u00fcrgermeister der Stadt Springe im Rathaus empfangen zu werden. <\/span><\/p>\n<p align=\"justify\"><span style=\"font-family: Verdana,Tahoma,Arial,Helvetica,Sans-serif;\">Spieljahr 1974 \u2013 76<\/span><\/p>\n<p align=\"justify\"><span style=\"font-family: Verdana,Tahoma,Arial,Helvetica,Sans-serif;\">Obwohl die allgemeine Bereitschaft zur Mitarbeit nicht sehr gro\u00df war, gab es doch in der Jahreshauptversammlung erstmals bei 2 Wahlen Gegenkandidaten. Rainer Jansen unterlag dabei in der Abstimmung um den Vereinsvorsitz gegen Karl Schaper genauso wie Wolfgang Hahn gegen Hans-J\u00fcrgen Block um das Amt des Jugendwartes, nachdem Gerhard Jay zum Sportwart gew\u00e4hlt worden war. Mit 5 Herren- und 2 Damenteams im Erwachsenenbereich sowie 3 M\u00e4dchen- (hier zahlte sich die gute Arbeit der M\u00e4delwartin Marie-Luise Marock aus) und je 2 Jugend- und Sch\u00fclermannschaften nahm der Verein 1974\/75 am Wettkampfbetrieb teil. Alle Mannschaften belegten jeweils gute Mittelpl\u00e4tze. Zu erw\u00e4hnen ist in dieser Spielzeit noch der Name Hartmut Grolms, der nach einigen Jahre Pause wieder den Tischtennissport entdeckt hatte und auf Anhieb zusammen mit Udo Erm Vereinsmeister im Jugenddoppel wurde.<\/span><\/p>\n<p align=\"justify\"><span style=\"font-family: Verdana,Tahoma,Arial,Helvetica,Sans-serif;\">Spieljahr 1977 \u2013 82<\/span><\/p>\n<p align=\"justify\"><span style=\"font-family: Verdana,Tahoma,Arial,Helvetica,Sans-serif;\">Bei den Vorstandswahlen im Februar 1977 \u00fcbernahm Dieter Krebs den Posten des 1. Vorsitzenden. Karl Schaper wurde einstimmig zum Ehrenvorsitzenden gew\u00e4hlt. Die Mannschaften belegten beim Punktspielabschluss \u2013bis auf die 4. Herrenmannschaft, die Meister in der 3. Kreisliga wurde- nur mittlere Pl\u00e4tze. Im April werden die Kreismeister des Kreises Hannover in Springe ermittelt und nach 5-j\u00e4hriger Pause steigt die Neuauflage des Deisterpokal-Turniers in der Sporthalle im Schulzentrum S\u00fcd. Was schon 1976 mit der Ausrichtung der Bezirksmeisterschaften begann, fand dann im Herbst 1977 mit einem Top-Ereignis seinen H\u00f6hepunkt.<\/span><\/p>\n<p align=\"justify\"><a href=\"https:\/\/ttcspringe.de\/wp-content\/uploads\/2013\/07\/LAENDER1.gif\"><img loading=\"lazy\" decoding=\"async\" class=\"alignnone size-full wp-image-46\" alt=\"LAENDER1\" src=\"https:\/\/ttcspringe.de\/wp-content\/uploads\/2013\/07\/LAENDER1.gif\" width=\"283\" height=\"188\" \/><\/a><\/p>\n<p align=\"justify\"><span style=\"font-family: Verdana,Tahoma,Arial,Helvetica,Sans-serif;\">Als am 13. Oktober 1977 in der Sporthalle im Schulzentrum S\u00fcd das Europaligaspiel der Nationalmannschaften \u00d6sterreichs und Deutschland ausgetragen wurde, waren nicht weniger als 1.100 Zuschauer (!) Zeuge dieser Begegnung. Dank der Initiative des seinerzeitigen Bundespressewartes Karl Schaper stand f\u00fcr das deutsche Team das Beste vom Besten am Tisch: Ursula Hirschm\u00fcller und Wibke Hendriksen bei den Damen sowie Jochen Lei\u00df, Peter Stellwag und Peter Engel bei den Herren, betreut von Nationaltrainer Christer Johannson. Das Spiel \u2013es endete 7:0 f\u00fcr Deutschland- und das anschlie\u00dfende Festbankett wird den Vereinsmitgliedern noch lange in Erinnerung sein. Ein l\u00e4ngerer Bericht im Fernsehen \u00fcber das Gro\u00dfereignis in Springe wurde von J\u00f6rg Wontorra kommentiert und brachte etliche Springer Spieler endlich mal ins rechte Bild. Glanzvoller Jahresausklang war zweifellos der Festball zum 30-j\u00e4hrigen Vereinsjubil\u00e4um am 10. Dezember im Kulturheim. Ereignisreich wie das alte Jahr endete, begann auch das Jahr 1978. Ende Januar wurde die Landes-Sch\u00fcler- meisterschaften in Springe ausgetragen. Gro\u00dfen Erfolg gab es bei den Norddeutschen Meisterschaften der Jugend f\u00fcr Frank R\u00f6sner \u2013Frank war im Sommer 1977 vom TTC V\u00f6lksen nach Springe gewechselt-, er belegte im Doppel einen hervorragenden 2. Platz. Im gleichem Jahr brachte er das Kunstst\u00fcck fertig, als 14-j\u00e4hriger den Titel bei den Herren zu erobern, und das vor heimischer Kulisse in Springe. Als erfolgreiches Spieljahr konnte die Spielzeit 1977\/78 angesehen werden. Mit Horst Dangers, Frank R\u00f6sner, Wolfgang Hahn, G\u00fcnther Viktorin, Heinz-J\u00fcrgen Reiter und Hans-J\u00fcrgen Block wurde in der 1. Verbandsliga ein 4. Platz erreicht. Lediglich Hans-J\u00fcrgen Block und Heinz-J\u00fcrgen Reiter sind noch heute f\u00fcr den TTC Springe aktiv. Der 1. Vorsitzende Dieter Krebs war auch der erfolgreichste Aktive bei den Punktspielen in dieser Saison. Er blieb als einziger Spieler des Vereins ohne Niederlage.<\/span><\/p>\n<p align=\"justify\"><span style=\"font-family: Verdana,Tahoma,Arial,Helvetica,Sans-serif;\">Sie haben gut lachen, auch wenn nur ein 7. Platz der 2. Verbandsliga erreicht wurde. <\/span><\/p>\n<p align=\"justify\"><a href=\"https:\/\/ttcspringe.de\/wp-content\/uploads\/2013\/07\/DAMEN.gif\"><img loading=\"lazy\" decoding=\"async\" class=\"alignnone size-medium wp-image-26\" alt=\"DAMEN\" src=\"https:\/\/ttcspringe.de\/wp-content\/uploads\/2013\/07\/DAMEN-300x165.gif\" width=\"300\" height=\"165\" \/><\/a><\/p>\n<p align=\"justify\"><span style=\"font-family: Verdana,Tahoma,Arial,Helvetica,Sans-serif;\">Von links: Hildegard Maisenh\u00e4lder, Adelheid Haller, Jutta Block und Dagmar Moldehn.<\/span><\/p>\n<p align=\"justify\"><span style=\"font-family: Verdana,Tahoma,Arial,Helvetica,Sans-serif;\">Am 23. November wurde Gerhard Jay als erster Spieler des Vereins f\u00fcr das 500. Mannschaftsspiel f\u00fcr den TTC ausgezeichnet.<\/span><\/p>\n<p align=\"justify\"><span style=\"font-family: Verdana,Tahoma,Arial,Helvetica,Sans-serif;\">Vorsitzender Dieter Krebs gratuliert zum 500. Spiel<\/span><\/p>\n<p align=\"justify\"><span style=\"font-family: Verdana,Tahoma,Arial,Helvetica,Sans-serif;\">Mit v\u00f6llig ver\u00e4ndertem Vorstand wurde das Jahr 1979 eingel\u00e4utet. Nachdem Dieter Krebs beruflich nach S\u00fcddeutschland verzogen war, wurde Gerhard Jay neuer Vorsitzender. Ereignis des Jahres war zweifellos die Ausrichtung der 9. Norddeutschen Meisterschaft f\u00fcr Jugend und Sch\u00fcler. Im sportlichem Bereich gab es endlich wieder ein Erfolgserlebnis. Die 2. Damenmannschaft wurde Meister der Bezirksliga und stieg in die 2. Verbandsliga auf.<\/span><\/p>\n<p align=\"justify\"><span style=\"font-family: Verdana,Tahoma,Arial,Helvetica,Sans-serif;\">Von links: Christel Jay, Sabine R\u00fcckert, Sigrid Tsch\u00f6pe und Marie-Luise Fries<\/span><\/p>\n<p align=\"justify\"><span style=\"font-family: Verdana,Tahoma,Arial,Helvetica,Sans-serif;\">Wenig erfreulich endete die Saison 1978\/79 f\u00fcr die 1. Herren. Frank R\u00f6sner verl\u00e4sst den Verein in Richtung SV Ahlem und G\u00fcnther Viktorin wechselt zu Wacker Osterwald. Mit einer weiteren Gro\u00dfveranstaltung endet das Jahr 1979. Am 3.\/4. November finden in Springe die Niedersachsenmeisterschaften f\u00fcr Damen und Herren in Springe statt. Der TTC Springe erntet f\u00fcr diese gelungene Veranstaltung \u00fcberall gro\u00dfes Lob. Aber es gab noch eine Steigerung. Am ersten M\u00e4rzwochenende 1980 richtet der Verein die 5. Nationalen Deutschen Sch\u00fclermeisterschaften aus. Je 40 Jungen und M\u00e4dchen aus dem Bundesgebiet sind zu Gast in Springe. Wieder einmal durch Vermittlung von Bundespressewart Karl Schaper kann der TTC im Rahmen dieser Meisterschaft einen besonderen Leckerbissen bieten. Die Nationalmannschaft aus China kam zu einem Besuch in die Springer Sporthalle. Konnte der Verein als Veranstalter noch gl\u00e4nzen, sah es im Punktspielbetrieb nicht so rosig aus. Platz 8. In der Landesliga bedeutete den Abstieg f\u00fcr die 1. Herren, Platz 5 belegten die 2. Herren in der Bezirksliga, als Tabellenletzter stiegen die 3. Herren und die 4. Herren aus der Bezirksliga bzw. aus der 1. Kreisliga ab. Wesentlich besser machten es die Damen. Mit Andrea Mann von TSV Hachm\u00fchlen als Verst\u00e4rkung erreichte die 1. Damen einen 2. Platz in der 2. Landesliga. Noch besser machte es die \u201eReserve, die Spielerinnen Jutta Block, Sabine R\u00fcckert, Sigrid Tsch\u00f6pe, Christel Jay und Marie-Luise Fries wurden Meister in der 2. Verbandsliga und stiegen somit in die 1. Verbandsliga auf. Das best\u00e4ndigste im TTC schien in dieser Zeit der Wechsel zu sein: Horst Dangers (zu Preu\u00dfen 07 Hameln), Rainer Jansen und Andrea Mann (beide zu Post SV Hildesheim) kehren dem Verein den R\u00fccken und hinterlassen eine sichtbare L\u00fccke wie die Ergebnisse am Ende der Saison 1980\/81 zeigen.<\/span><\/p>\n<table id=\"Tabelle2\" border=\"2\" cellspacing=\"1\" cellpadding=\"1\">\n<tbody>\n<tr>\n<td align=\"left\" valign=\"top\" width=\"66\">1. Herren<\/td>\n<td align=\"left\" valign=\"top\" width=\"111\">Verbandsliga<\/td>\n<td align=\"left\" valign=\"top\" width=\"50\">9. Platz<\/td>\n<td align=\"left\" valign=\"top\" width=\"317\">Wolfgang Hahn, Hartmut Grolms, Hans-J\u00fcrgen Block, Donald B\u00f6ttcher, Hans-J\u00fcrgen Mieth, Udo Erm<\/td>\n<\/tr>\n<tr>\n<td align=\"left\" valign=\"top\">2. Herren<\/td>\n<td align=\"left\" valign=\"top\">1. Bezirksliga<\/td>\n<td align=\"left\" valign=\"top\">5. Platz<\/td>\n<td align=\"left\" valign=\"top\">Manfred Sommer, Alois Bauerbach, Gerhard Jay, Gerhard Preick, Klaus Smollich, Manfred Fichte<\/td>\n<\/tr>\n<tr>\n<td align=\"left\" valign=\"top\">3. Herren<\/td>\n<td align=\"left\" valign=\"top\">2. Bezirksliga<\/td>\n<td align=\"left\" valign=\"top\">6. Platz<\/td>\n<td align=\"left\" valign=\"top\">Axel Knoblauch, Wolfgang Pfeiffer, Peter v. Oesen, Norbert Wodsack, G\u00fcnther Gr\u00fctzner, Martin Fuers<\/td>\n<\/tr>\n<tr>\n<td align=\"left\" valign=\"top\">4. Herren<\/td>\n<td align=\"left\" valign=\"top\">2. Kreisliga<\/td>\n<td align=\"left\" valign=\"top\">9. Platz<\/td>\n<td align=\"left\" valign=\"top\">Wolfgang Pirius, Peter Rind, Gerd Seide, Herbert Horn, Erich Lepenies, Hans-W. Dangers<\/td>\n<\/tr>\n<tr>\n<td align=\"left\" valign=\"top\">1. Damen<\/td>\n<td align=\"left\" valign=\"top\">Landesliga<\/td>\n<td align=\"left\" valign=\"top\">5. Platz<\/td>\n<td align=\"left\" valign=\"top\">Adelheid Haller, Jutta Block, Dagmar Moldehn, Hildegard Maisenh\u00e4lder<\/td>\n<\/tr>\n<tr>\n<td align=\"left\" valign=\"top\">2. Damen<\/td>\n<td align=\"left\" valign=\"top\">Verbandsliga<\/td>\n<td align=\"left\" valign=\"top\">Letzter Platz<\/td>\n<td align=\"left\" valign=\"top\">Sabine R\u00fcckert, Christel Jay, Sigrid Tsch\u00f6pe, Marie-Luise Fries<\/td>\n<\/tr>\n<\/tbody>\n<\/table>\n<p align=\"justify\"><span style=\"font-family: Verdana,Tahoma,Arial,Helvetica,Sans-serif;\">Mit Wolfgang Hahn und Udo Erm verlie\u00dfen wieder zwei Spieler der 1. Mannschaft den Verein, so dass die 1. Herren erster Abstiegskandidat in der Verbandsliga war. Die Spieler Hartmut Grolms, Hans-J\u00fcrgen Block, Alois Bauerbach, Hans-J\u00fcrgen Mieth, Manfred Sommer und Gerhard Preick stellten sich der Herausforderung konnten den Abstieg aber nicht verhindern.<\/span><\/p>\n<p align=\"justify\"><span style=\"font-family: Verdana,Tahoma,Arial,Helvetica,Sans-serif;\">Auch die 2. Herren war in ihrer Klasse \u00fcberfordert und musste ebenfalls absteigen.<\/span><\/p>\n<p align=\"justify\"><span style=\"font-family: Verdana,Tahoma,Arial,Helvetica,Sans-serif;\">Die Damen konnten sich im Fr\u00fchjahr 1982 \u00fcber den Zugang der polnischen Nationalspielerin Halina Frankowska freuen, sie sorgte daf\u00fcr, da\u00df s\u00e4mtliche Begegnungen in der R\u00fcckrunde gewonnen wurden. Das Halina am Saisonende den Verein in Richtung Rinteln zur 1. Bundesliga verlie\u00df, daf\u00fcr hatte beim TTC jeder Verst\u00e4ndnis, waren doch die wirtschaftlichen M\u00f6glichkeiten des Vereins nicht mit Rinteln vergleichbar.<\/span><\/p>\n<p align=\"justify\"><span style=\"font-family: Verdana,Tahoma,Arial,Helvetica,Sans-serif;\">Ein gro\u00dfer Einschnitt ins Vereinsleben war der Umzug in die neue Sporthalle im Schulzentrum Nord und damit die verbundene Wiederaufnahme des Badmintonsports in das Angebot des Clubs. Nach fast 20 Jahren Unterbrechung wurde hier eine Marktl\u00fccke entdeckt, der Zustrom zum neuen Sport war gewaltig. Die Mitgliederzahlen stiegen von ca. 120 in kurzer Zeit auf 200 an; oftmals waren nicht weniger als 50 Spieler beim Tischtennis- und Badmintontraining.<\/span><\/p>\n<p align=\"justify\"><span style=\"font-family: Verdana,Tahoma,Arial,Helvetica,Sans-serif;\">Mit zwei Veranstaltungen setzte der TTC Springe die Tradition fort, als Ausrichter einer Meisterschaft t\u00e4tig zu sein. Im Herbst 1981 wurde die Kreismeisterschaft f\u00fcr Jugend und Sch\u00fcler und Anfang 1982 die Landessch\u00fclermeisterschaft ausgerichtet.<\/span><\/p>\n<p align=\"justify\"><span style=\"font-family: Verdana,Tahoma,Arial,Helvetica,Sans-serif;\">Spieljahr 1982-87<\/span><\/p>\n<p align=\"justify\"><span style=\"font-family: Verdana,Tahoma,Arial,Helvetica,Sans-serif;\">Zahlenm\u00e4\u00dfig gest\u00e4rkt wurde die neue Spielzeit angegangen. Mit den Zug\u00e4ngen der Spieler Carlo Schmidt und Erwin Feike vom FC Bennigsen und den altersbedingten Wechsel einiger Jugendspieler in die Erwachsenenklasse sollte der Grundstein gelegt werden, die Talfahrt der vorigen Saison zu bremsen. Mit den Spielern Hartmut Grolms, Hans-J\u00fcrgen Block, Alois Bauerbach, Manfred Sommer, H.-J\u00fcrgen Mieth und Gerhard Preick wollte die 1. Mannschaft einen neuen Anfang beginnen. Auch die \u00fcbrigen Herrenteams gingen mit der festen Absicht ins Rennen, den \u201efreien Fall abzubremsen. Doch auch in diesem Jahr war der \u201efreie Fall nicht aufzuhalten. Erneut mussten die 1. und die 3. Mannschaft absteigen, aber auch diesmal war von Resignation nichts zu sp\u00fcren. \u201eWenn wir nur Bezirksklassespieler haben, dann geh\u00f6ren wir auch nur die Bezirksklasse. Ein Lichtblick war die 4. Mannschaft, sie schaffte den Aufstieg in die 2. Kreisklasse. Erfreulich das Abschneiden der Damen; 3. Platz in der 2. Landesliga war ein sch\u00f6ner Erfolg und somit hatte sich der Zugang von Annette Schmidt vom FC Bennigsen positiv bemerkbar gemacht. Ein Wiedersehen mit \u201ealten Bekannten gab es im November 1982. Mit ihrem Verein \u201eOrbis Prag kam nach 14 Jahren die Europameisterin von 1968, Ilona Vostava, wieder nach Springe. Bundesschiedsrichter Karl-Heinz Niemeyer hatte diese deutsch-tschechische Begegnung vermittelt, die vielen interessierten Zuschauern hervorragenden Sport brachte. Spitzentischtennis war auch bei den Bezirksmeisterschaften der Damen und Herren zu sehen, die der Verein im Dezember 1982 ausrichtete. Mit Kay Seyffert siegte im Einzel ein Spieler, der seine ersten Gehversuche im Tischtennis in Springe gemacht hatte. In der Saison 1983\/84 sah man endlich wieder lachende Spieler in der 1. Mannschaft, sie hatte nun ihre richtige Klasse gefunden und am Ende der Saison mit einem Abstieg nichts zu Tun. Auch bei den \u00fcbrigen Herrenmannschaften gab es dieser Saison keinen Abstieg, ein v\u00f6llig neues Gef\u00fchl f\u00fcr den Verein, zudem wurde mit Claus Bormann wieder ein Springer Nachwuchstalent Sch\u00fclerkreismeister, so dass wieder Zukunfts- perspektiven angezeigt waren. Glanzst\u00fcck waren wieder einmal die Damen, wieder hatten sie einen Neuzugang zu verzeichnen; mit Sandra Wildbrett kam eine Spielerin nach Springe, die ihre St\u00e4rke nicht nur bei den Bezirksmeisterschaften \u2013sie wurde Bezirksmeisterin im Einzel und 2. mit Annette Schmidt im Doppel- unter Beweis stellte. Mit dem letztlich erreichten 2. Tabellenplatz stieg die Mannschaft in die 1. Landesliga auf. Ohne besondere Ereignisse verlief die Spielzeit 1984\/85 f\u00fcr die Springer Mannschaften, obwohl die 1. Herren den Wechsel von Hartmut Grolms zu Preu\u00dfen Hameln wegzustecken hatte, spielten sie um die Tabellenspitze mit und belegte am Ende einen guten 3. Tabellenplatz. Daf\u00fcr sollte dann die n\u00e4chste Serie endlich wieder einmal ein Erfolgserlebnis f\u00fcr die 1. Mannschaft bringen. Mit Hartmut Grolms, Rainer Jansen, Claus Bormann, Alois Bauerbach, Heinz-J\u00fcrgen Reiter und Martin Fuers hatten die Springer eine Besetzung zusammen, die einen \u201eDurchmarsch bestritt und ungeschlagen in die Bezirksliga aufstieg. Aber schon in der n\u00e4chsten Spielzeit wieder das alte Lied. Wieder war ein Spielerwechsel angesagt. Claus Bormann zog es zum VfL Hameln, mit Dietmar Rebmann (Post SV Hildesheim) kam immerhin ein gleichwertiger Spieler zum TTC Springe. Am Saisonende musste man mit einem 8. Platz zufrieden sein. Die weiteren Mannschaften mit ihren Platzierungen:<\/span><\/p>\n<table id=\"Tabelle1\" border=\"3\" cellspacing=\"1\" cellpadding=\"1\">\n<tbody>\n<tr>\n<td align=\"left\" valign=\"top\" width=\"73\">1. Herren<\/td>\n<td align=\"left\" valign=\"top\" width=\"106\">Bezirksliga<\/td>\n<td align=\"left\" valign=\"top\" width=\"51\">8. Platz<\/td>\n<td align=\"left\" valign=\"top\" width=\"320\">Rainer Jansen, Hartmut Grolms, Dietmar Rebmann, Heinz-J\u00fcrgen Reiter, Martin Fuers, Rainer Splettst\u00f6\u00dfer, Alois Bauerbach<\/td>\n<\/tr>\n<tr>\n<td align=\"left\" valign=\"top\">2. Herren<\/td>\n<td align=\"left\" valign=\"top\">2. Bezirksklasse<\/td>\n<td align=\"left\" valign=\"top\">4. Platz<\/td>\n<td align=\"left\" valign=\"top\">Gerhard Preick, Gerhard Jay, Manfred Sommer, Wolfgang Pirius, Hans-J\u00fcrgen Block, Manfred Fichte<\/td>\n<\/tr>\n<tr>\n<td align=\"left\" valign=\"top\">3. Herren<\/td>\n<td align=\"left\" valign=\"top\">Kreisliga<\/td>\n<td align=\"left\" valign=\"top\">2. Platz<\/td>\n<td align=\"left\" valign=\"top\">Erwin Feike, Klaus Smollich, Wolfgang Pfeiffer, Carlo Schmidt, Norbert Wodsack, Peter v.Oesen<\/td>\n<\/tr>\n<tr>\n<td align=\"left\" valign=\"top\">4. Herren<\/td>\n<td align=\"left\" valign=\"top\">1. Kreisklasse<\/td>\n<td align=\"left\" valign=\"top\">7. Platz<\/td>\n<td align=\"left\" valign=\"top\">Alexander Fuers, Bernd Heutling, Mark H\u00f6rstermann, Michael Kaulfu\u00df, Gerhard Schr\u00f6der, Gerd Seide, Peter Rind, Wieland, Herbert Horn<\/td>\n<\/tr>\n<tr>\n<td align=\"left\" valign=\"top\">1. Damen<\/td>\n<td align=\"left\" valign=\"top\">Bezirksoberliga<\/td>\n<td align=\"left\" valign=\"top\">1. Platz<\/td>\n<td align=\"left\" valign=\"top\">Anette Schmidt, Sandra Wildbrett, Borstelmann, Jutta Block<\/td>\n<\/tr>\n<tr>\n<td align=\"left\" valign=\"top\">2. Damen<\/td>\n<td align=\"left\" valign=\"top\">2. Kreisklasse<\/td>\n<td align=\"left\" valign=\"top\">6. Platz<\/td>\n<td align=\"left\" valign=\"top\">Anke Smollich, Susanne Schmidt, Gorges, Claudia Reifek, Mahnke, Kuhlmann, Maren Sommer<\/td>\n<\/tr>\n<tr>\n<td align=\"left\" valign=\"top\">1. Jugend<\/td>\n<td align=\"left\" valign=\"top\">Kreisliga<\/td>\n<td align=\"left\" valign=\"top\">2. Platz<\/td>\n<td align=\"left\" valign=\"top\">Strake, Hoppe, Feuerhake, M.M\u00fcller, Wachowiak, Miksa<\/td>\n<\/tr>\n<tr>\n<td align=\"left\" valign=\"top\">1. Sch\u00fcler<\/td>\n<td align=\"left\" valign=\"top\">Kreisliga<\/td>\n<td align=\"left\" valign=\"top\">4. Platz<\/td>\n<td align=\"left\" valign=\"top\">Bode, Tabel, Haugwitz, Sch\u00e4fer<\/td>\n<\/tr>\n<tr>\n<td align=\"left\" valign=\"top\">2. Sch\u00fcler<\/td>\n<td align=\"left\" valign=\"top\">Kreisliga<\/td>\n<td align=\"left\" valign=\"top\">7. Platz<\/td>\n<td align=\"left\" valign=\"top\">M.M\u00fcller, Loag, Horn, Sommer, Ulbrich<\/td>\n<\/tr>\n<\/tbody>\n<\/table>\n<p align=\"justify\"><span style=\"font-family: Verdana,Tahoma,Arial,Helvetica,Sans-serif;\">Aber es wurde im Jubil\u00e4umsjahr nicht nur Tischtennis gespielt, sondern auch das gesellschaftliche Vergn\u00fcgen kam nicht zu kurz. Der Festball im M\u00e4rz 1987 mit der James Steiner Band sollte allen Mitgliedern noch in guter Erinnerung sein.<\/span><\/p>\n<p align=\"justify\"><span style=\"font-family: Verdana,Tahoma,Arial,Helvetica,Sans-serif;\">Bei den Vorstandswahlen gab es im Jubil\u00e4umsjahr 1987 einige Ver\u00e4nderungen. Neben dem 1.Vorsitzenden Gerhard Jay, dem 2. Vorsitzenden Heinz-Walter Spohr und dem Kassierer Herbert Horn stellten sich Hans-J\u00fcrgen Block als Sportwart Sparte Tischtennis, Jochen Rudolph als Sportwart Sparte Badminton, Norbert Wodsack als Jugendwart und Manfred Sommer als Schriftwart zur Verf\u00fcgung.<\/span><\/p>\n<p><span style=\"font-family: Verdana, Tahoma, Arial, Helvetica, Sans-serif, sans-serif;\">\u00a0<\/span><\/p>\n","protected":false},"excerpt":{"rendered":"<p>Spieljahr 1967 \u2013 71 Wenn in einem Verein keine spektakul\u00e4ren Ereignisse ins Auge springen, so mu\u00df das nicht immer von Passivit\u00e4t zeugen. Man sollte nicht im Verlauf der Jahre laufend Steigerungen und Schlagzeilen erwarten. Grund zum Feiern gab es f\u00fcr den Verein allemal; die Aktivit\u00e4ten zum 20-j\u00e4hrigen Bestehen war wieder ein geselliger H\u00f6hepunkt des Vereins. [&hellip;]<\/p>\n","protected":false},"author":1,"featured_media":0,"parent":17,"menu_order":22,"comment_status":"closed","ping_status":"closed","template":"","meta":{"ngg_post_thumbnail":0,"footnotes":""},"class_list":["post-44","page","type-page","status-publish","hentry"],"_links":{"self":[{"href":"https:\/\/ttcspringe.de\/index.php?rest_route=\/wp\/v2\/pages\/44","targetHints":{"allow":["GET"]}}],"collection":[{"href":"https:\/\/ttcspringe.de\/index.php?rest_route=\/wp\/v2\/pages"}],"about":[{"href":"https:\/\/ttcspringe.de\/index.php?rest_route=\/wp\/v2\/types\/page"}],"author":[{"embeddable":true,"href":"https:\/\/ttcspringe.de\/index.php?rest_route=\/wp\/v2\/users\/1"}],"replies":[{"embeddable":true,"href":"https:\/\/ttcspringe.de\/index.php?rest_route=%2Fwp%2Fv2%2Fcomments&post=44"}],"version-history":[{"count":5,"href":"https:\/\/ttcspringe.de\/index.php?rest_route=\/wp\/v2\/pages\/44\/revisions"}],"predecessor-version":[{"id":90,"href":"https:\/\/ttcspringe.de\/index.php?rest_route=\/wp\/v2\/pages\/44\/revisions\/90"}],"up":[{"embeddable":true,"href":"https:\/\/ttcspringe.de\/index.php?rest_route=\/wp\/v2\/pages\/17"}],"wp:attachment":[{"href":"https:\/\/ttcspringe.de\/index.php?rest_route=%2Fwp%2Fv2%2Fmedia&parent=44"}],"curies":[{"name":"wp","href":"https:\/\/api.w.org\/{rel}","templated":true}]}}